{"id":6,"date":"2025-10-16T22:19:03","date_gmt":"2025-10-16T20:19:03","guid":{"rendered":"https:\/\/prinzpublishing.de\/?page_id=6"},"modified":"2025-12-03T10:47:31","modified_gmt":"2025-12-03T09:47:31","slug":"start","status":"publish","type":"page","link":"https:\/\/prinzpublishing.de\/","title":{"rendered":"Startseite"},"content":{"rendered":"\t\t<div data-elementor-type=\"wp-post\" data-elementor-id=\"6\" class=\"elementor elementor-6\">\n\t\t\t\t<div class=\"elementor-element elementor-element-39f8de7 e-flex e-con-boxed e-con e-parent\" data-id=\"39f8de7\" data-element_type=\"container\">\n\t\t\t\t\t<div class=\"e-con-inner\">\n\t\t<div class=\"elementor-element elementor-element-8946406 e-con-full e-flex e-con e-child\" data-id=\"8946406\" data-element_type=\"container\">\n\t\t\t\t<div class=\"elementor-element elementor-element-2139ccc elementor-widget elementor-widget-spacer\" data-id=\"2139ccc\" data-element_type=\"widget\" data-widget_type=\"spacer.default\">\n\t\t\t\t\t\t\t<div class=\"elementor-spacer\">\n\t\t\t<div class=\"elementor-spacer-inner\"><\/div>\n\t\t<\/div>\n\t\t\t\t\t\t<\/div>\n\t\t\t\t<div class=\"elementor-element elementor-element-678ddd2 elementor-widget elementor-widget-heading\" data-id=\"678ddd2\" data-element_type=\"widget\" data-widget_type=\"heading.default\">\n\t\t\t\t\t<h1 class=\"elementor-heading-title elementor-size-default\">Ein Neonazi auf Abwegen\n<\/h1>\t\t\t\t<\/div>\n\t\t\t\t<div class=\"elementor-element elementor-element-61b9e01 elementor-widget elementor-widget-heading\" data-id=\"61b9e01\" data-element_type=\"widget\" data-widget_type=\"heading.default\">\n\t\t\t\t\t<h4 class=\"elementor-heading-title elementor-size-default\">\u00bbGoodbye Germania\u00ab ist eine Realsatire. Sie erz\u00e4hlt von Neonazi Kanu, der mit vier Sozialarbeitern und dem Afghanen Alaa aus Deutschland fl\u00fcchtet.<\/h4>\t\t\t\t<\/div>\n\t\t\t\t<div class=\"elementor-element elementor-element-86e6739 elementor-widget-divider--view-line elementor-widget elementor-widget-divider\" data-id=\"86e6739\" data-element_type=\"widget\" data-widget_type=\"divider.default\">\n\t\t\t\t\t\t\t<div class=\"elementor-divider\">\n\t\t\t<span class=\"elementor-divider-separator\">\n\t\t\t\t\t\t<\/span>\n\t\t<\/div>\n\t\t\t\t\t\t<\/div>\n\t\t\t\t<div class=\"elementor-element elementor-element-f0602e1 elementor-widget elementor-widget-text-editor\" data-id=\"f0602e1\" data-element_type=\"widget\" data-widget_type=\"text-editor.default\">\n\t\t\t\t\t\t\t\t\t<p>Im Sommer 2015 haben Hunderttausende in Afghanistan und Syrien ihre Heimat verlassen, um vor B\u00fcrgerkrieg und Terrorismus nach Europa zu fl\u00fcchten. Vor allem in Deutschland hoffen sie auf ein besseres Leben in Sicherheit und Freiheit. Angela Merkel schreibt mit ihrer Aussage \u00bbWir schaffen das!\u00ab Geschichte. Aus Frust dar\u00fcber, dass die Integration der Asylsuchenden im Dorf Braunheim ausgerechnet an den deutschen Ureinwohnern zu scheitern droht, fl\u00fcchten die Sozialarbeiter T\u00f6nnies, Jonas, Eva und Sonja mit dem afghanischen Lehrer Alaa und Ex-Bundeswehrsoldat und Neonazi Kanu nach Afghanistan. Sie wollen Kanu mal am eigenen Leib zeigen, wie sich Flucht anf\u00fchlt und was sie mit Menschen macht. Es beginnt eine turbulente Reise durch Europa. Auf ihrer Reise wird die bunte Truppe von den Unbilden des deutschen Alltags begleitet. B\u00fcrokratie, Vorurteile, M\u00fclltrennung, Gendern, Diskussionen um deutsche Leitkultur, kulturelle Aneignung, diskriminierende Sprache und die permanente Sorge um den \u00f6kologischen Fu\u00dfabdruck machen dabei deutlich: Eine Flucht made in Germany ist nicht so einfach wie gedacht. Dennoch wird der Trip zu einer wertvollen Selbstfindungsreise. Man diskutiert, streitet, h\u00f6rt einander zu, rauft sich zusammen, lernt vom anderen. Und wer wei\u00df: Vielleicht werden der Afghane Alaa und Neonazi Kanu am Ende sogar Freunde?<\/p>\t\t\t\t\t\t\t\t<\/div>\n\t\t\t\t<\/div>\n\t\t\t\t<div class=\"elementor-element elementor-element-9075be2 elementor-widget elementor-widget-text-editor\" data-id=\"9075be2\" data-element_type=\"widget\" data-widget_type=\"text-editor.default\">\n\t\t\t\t\t\t\t\t\t<p id=\"hidden-text\" style=\"display: none;\"><br \/>Im Sommer 2015 haben Hunderttausende in Afghanistan und Syrien ihre Heimat verlassen, um vor B\u00fcrgerkrieg und Terrorismus nach Europa zu fl\u00fcchten. Vor allem in Deutschland hoffen sie auf ein besseres Leben in Sicherheit und Freiheit. Bundeskanzlerin Angela Merkel schreibt mit ihrer Aussage \u00bbWir schaffen das!\u00ab Geschichte. Aus Frust dar\u00fcber, dass die Integration der Asylsuchenden im Dorf Braunheim ausgerechnet an den deutschen Ureinwohnern zu scheitern droht, fl\u00fcchten die Sozialarbeiter T\u00f6nnies, Jonas, Eva und Sonja mit dem afghanischen Gelehrten Alaa und Ex-Bundeswehrsoldat und Neonazi Kanu von Braunheim nach Afghanistan. Sie wollen Neonazi Kanu einfach mal am eigenen Leib zeigen, wie sich Flucht anf\u00fchlt. Ihr Trip wird zu einer wertvollen Selbstfindungsreise. Man diskutiert, streitet, h\u00f6rt einander zu, rauft sich zusammen, lernt vom anderen. Und am Ende werden der Afghane und der Neonazi vielleicht sogar Freunde.<\/p>\t\t\t\t\t\t\t\t<\/div>\n\t\t<div class=\"elementor-element elementor-element-6e43adb e-con-full e-flex e-con e-child\" data-id=\"6e43adb\" data-element_type=\"container\">\n\t\t\t\t<div class=\"elementor-element elementor-element-0a03469 elementor-widget elementor-widget-image\" data-id=\"0a03469\" data-element_type=\"widget\" data-widget_type=\"image.default\">\n\t\t\t\t\t\t\t\t\t\t\t\t\t\t\t<img fetchpriority=\"high\" decoding=\"async\" width=\"724\" height=\"1024\" src=\"https:\/\/prinzpublishing.de\/wp-content\/uploads\/2025\/11\/IMG_3733-724x1024.png\" class=\"attachment-large size-large wp-image-368\" alt=\"Goodbye Germania Ein Neonazi fl\u00fcchtet nach Afghanistan\" srcset=\"https:\/\/prinzpublishing.de\/wp-content\/uploads\/2025\/11\/IMG_3733-724x1024.png 724w, https:\/\/prinzpublishing.de\/wp-content\/uploads\/2025\/11\/IMG_3733-212x300.png 212w, https:\/\/prinzpublishing.de\/wp-content\/uploads\/2025\/11\/IMG_3733-768x1087.png 768w, https:\/\/prinzpublishing.de\/wp-content\/uploads\/2025\/11\/IMG_3733-1086x1536.png 1086w, https:\/\/prinzpublishing.de\/wp-content\/uploads\/2025\/11\/IMG_3733.png 1376w\" sizes=\"(max-width: 724px) 100vw, 724px\" \/>\t\t\t\t\t\t\t\t\t\t\t\t\t\t\t<\/div>\n\t\t\t\t<div class=\"elementor-element elementor-element-e18067d elementor-hidden-mobile elementor-widget elementor-widget-spacer\" data-id=\"e18067d\" data-element_type=\"widget\" data-widget_type=\"spacer.default\">\n\t\t\t\t\t\t\t<div class=\"elementor-spacer\">\n\t\t\t<div class=\"elementor-spacer-inner\"><\/div>\n\t\t<\/div>\n\t\t\t\t\t\t<\/div>\n\t\t\t\t<\/div>\n\t\t\t\t\t<\/div>\n\t\t\t\t<\/div>\n\t\t<div class=\"elementor-element elementor-element-a77a0e8 e-grid e-con-boxed e-con e-parent\" data-id=\"a77a0e8\" data-element_type=\"container\">\n\t\t\t\t\t<div class=\"e-con-inner\">\n\t\t\t\t<div class=\"elementor-element elementor-element-5fc609d elementor-widget elementor-widget-heading\" data-id=\"5fc609d\" data-element_type=\"widget\" data-widget_type=\"heading.default\">\n\t\t\t\t\t<h2 class=\"elementor-heading-title elementor-size-default\">Risiken und Nebenwirkungen<\/h2>\t\t\t\t<\/div>\n\t\t\t\t<div class=\"elementor-element elementor-element-b65f6fd elementor-widget-divider--view-line elementor-widget elementor-widget-divider\" data-id=\"b65f6fd\" data-element_type=\"widget\" data-widget_type=\"divider.default\">\n\t\t\t\t\t\t\t<div class=\"elementor-divider\">\n\t\t\t<span class=\"elementor-divider-separator\">\n\t\t\t\t\t\t<\/span>\n\t\t<\/div>\n\t\t\t\t\t\t<\/div>\n\t\t\t\t<div class=\"elementor-element elementor-element-e3aff6b elementor-widget elementor-widget-text-editor\" data-id=\"e3aff6b\" data-element_type=\"widget\" data-widget_type=\"text-editor.default\">\n\t\t\t\t\t\t\t\t\t<p>Dieses Buch kann Spuren von Ironie enthalten. Es ist eine Satire mit zeithistorisch realistischem Hintergrund. Mauris Blandit nutzt in seinem Roman das Stilmittel der \u00dcberh\u00f6hung und \u00dcberspitzung, um der Gesellschaft einen Spiegel vorzuhalten und zum Nachdenken anzuregen. Sein Roman leistet einen wichtigen Beitrag zum politischen Diskurs.<\/p>\t\t\t\t\t\t\t\t<\/div>\n\t\t\t\t<div class=\"elementor-element elementor-element-6a4efdb elementor-widget-divider--view-line elementor-widget elementor-widget-divider\" data-id=\"6a4efdb\" data-element_type=\"widget\" data-widget_type=\"divider.default\">\n\t\t\t\t\t\t\t<div class=\"elementor-divider\">\n\t\t\t<span class=\"elementor-divider-separator\">\n\t\t\t\t\t\t<\/span>\n\t\t<\/div>\n\t\t\t\t\t\t<\/div>\n\t\t\t\t\t<\/div>\n\t\t\t\t<\/div>\n\t\t<div class=\"elementor-element elementor-element-dfe4e0a e-grid e-con-boxed e-con e-parent\" data-id=\"dfe4e0a\" data-element_type=\"container\">\n\t\t\t\t\t<div class=\"e-con-inner\">\n\t\t\t\t<div class=\"elementor-element elementor-element-712ce05 elementor-widget elementor-widget-heading\" data-id=\"712ce05\" data-element_type=\"widget\" data-widget_type=\"heading.default\">\n\t\t\t\t\t<h2 class=\"elementor-heading-title elementor-size-default\">Mauris Blandit<\/h2>\t\t\t\t<\/div>\n\t\t\t\t<div class=\"elementor-element elementor-element-fda5be8 elementor-widget-divider--view-line elementor-widget elementor-widget-divider\" data-id=\"fda5be8\" data-element_type=\"widget\" data-widget_type=\"divider.default\">\n\t\t\t\t\t\t\t<div class=\"elementor-divider\">\n\t\t\t<span class=\"elementor-divider-separator\">\n\t\t\t\t\t\t<\/span>\n\t\t<\/div>\n\t\t\t\t\t\t<\/div>\n\t\t\t\t<div class=\"elementor-element elementor-element-4698920 elementor-widget elementor-widget-text-editor\" data-id=\"4698920\" data-element_type=\"widget\" data-widget_type=\"text-editor.default\">\n\t\t\t\t\t\t\t\t\t<p>Mauris Blandit wuchs in Bayern und Norddeutschland auf. Das hat ihn nachhaltig gepr\u00e4gt. Bereits in der Schule entwickelte er einen Hang zur Ironie, der seine Lehrer verzweifeln lie\u00df. Den Ansto\u00df zur publizistischen Laufbahn legte seine erste Liebe: Gabriele. Die elektrische Schreibmaschine inspirierte ihn zu humorvoll-kritischen Kurzgeschichten, Essays und Reportagen. \u00bbGoodbye Germania. Ein Neonazi fl\u00fcchtet nach Afghanistan\u00ab ist Mauris Blandits Deb\u00fctroman.\u00a0<\/p>\t\t\t\t\t\t\t\t<\/div>\n\t\t\t\t<div class=\"elementor-element elementor-element-526c56c elementor-widget-divider--view-line elementor-widget elementor-widget-divider\" data-id=\"526c56c\" data-element_type=\"widget\" data-widget_type=\"divider.default\">\n\t\t\t\t\t\t\t<div class=\"elementor-divider\">\n\t\t\t<span class=\"elementor-divider-separator\">\n\t\t\t\t\t\t<\/span>\n\t\t<\/div>\n\t\t\t\t\t\t<\/div>\n\t\t\t\t\t<\/div>\n\t\t\t\t<\/div>\n\t\t<div class=\"elementor-element elementor-element-4c70350 e-grid e-con-boxed e-con e-parent\" data-id=\"4c70350\" data-element_type=\"container\">\n\t\t\t\t\t<div class=\"e-con-inner\">\n\t\t\t\t<div class=\"elementor-element elementor-element-84fabdf elementor-widget elementor-widget-heading\" data-id=\"84fabdf\" data-element_type=\"widget\" data-widget_type=\"heading.default\">\n\t\t\t\t\t<h2 class=\"elementor-heading-title elementor-size-default\">Leseprobe<\/h2>\t\t\t\t<\/div>\n\t\t\t\t<div class=\"elementor-element elementor-element-544f81e elementor-widget-divider--view-line elementor-widget elementor-widget-divider\" data-id=\"544f81e\" data-element_type=\"widget\" data-widget_type=\"divider.default\">\n\t\t\t\t\t\t\t<div class=\"elementor-divider\">\n\t\t\t<span class=\"elementor-divider-separator\">\n\t\t\t\t\t\t<\/span>\n\t\t<\/div>\n\t\t\t\t\t\t<\/div>\n\t\t\t\t<div class=\"elementor-element elementor-element-35dcdd2 elementor-widget elementor-widget-text-editor\" data-id=\"35dcdd2\" data-element_type=\"widget\" data-widget_type=\"text-editor.default\">\n\t\t\t\t\t\t\t\t\t<p>Bitte lesen Sie hier einige von Mauris Blandit ausgew\u00e4hlte Passagen aus \u00bbGoodbye Germania\u00ab zur Probe:<\/p>\t\t\t\t\t\t\t\t<\/div>\n\t\t\t\t<div class=\"elementor-element elementor-element-1bbcaa1 elementor-widget elementor-widget-spacer\" data-id=\"1bbcaa1\" data-element_type=\"widget\" data-widget_type=\"spacer.default\">\n\t\t\t\t\t\t\t<div class=\"elementor-spacer\">\n\t\t\t<div class=\"elementor-spacer-inner\"><\/div>\n\t\t<\/div>\n\t\t\t\t\t\t<\/div>\n\t\t\t\t<div class=\"elementor-element elementor-element-c748e04 elementor-widget elementor-widget-n-accordion\" data-id=\"c748e04\" data-element_type=\"widget\" data-settings=\"{&quot;default_state&quot;:&quot;all_collapsed&quot;,&quot;n_accordion_animation_duration&quot;:{&quot;unit&quot;:&quot;ms&quot;,&quot;size&quot;:500,&quot;sizes&quot;:[]},&quot;max_items_expended&quot;:&quot;one&quot;}\" data-widget_type=\"nested-accordion.default\">\n\t\t\t\t\t\t\t<div class=\"e-n-accordion\" aria-label=\"Accordion. Open links with Enter or Space, close with Escape, and navigate with Arrow Keys\">\n\t\t\t\t\t\t<details id=\"e-n-accordion-item-2080\" class=\"e-n-accordion-item\" >\n\t\t\t\t<summary class=\"e-n-accordion-item-title\" data-accordion-index=\"1\" tabindex=\"0\" aria-expanded=\"false\" aria-controls=\"e-n-accordion-item-2080\" >\n\t\t\t\t\t<span class='e-n-accordion-item-title-header'><div class=\"e-n-accordion-item-title-text\"> Begida vs. Bl\u00fchende Landschaften <\/div><\/span>\n\t\t\t\t\t\t\t<span class='e-n-accordion-item-title-icon'>\n\t\t\t<span class='e-opened' ><svg aria-hidden=\"true\" class=\"e-font-icon-svg e-fas-minus\" viewBox=\"0 0 448 512\" xmlns=\"http:\/\/www.w3.org\/2000\/svg\"><path d=\"M416 208H32c-17.67 0-32 14.33-32 32v32c0 17.67 14.33 32 32 32h384c17.67 0 32-14.33 32-32v-32c0-17.67-14.33-32-32-32z\"><\/path><\/svg><\/span>\n\t\t\t<span class='e-closed'><svg aria-hidden=\"true\" class=\"e-font-icon-svg e-fas-plus\" viewBox=\"0 0 448 512\" xmlns=\"http:\/\/www.w3.org\/2000\/svg\"><path d=\"M416 208H272V64c0-17.67-14.33-32-32-32h-32c-17.67 0-32 14.33-32 32v144H32c-17.67 0-32 14.33-32 32v32c0 17.67 14.33 32 32 32h144v144c0 17.67 14.33 32 32 32h32c17.67 0 32-14.33 32-32V304h144c17.67 0 32-14.33 32-32v-32c0-17.67-14.33-32-32-32z\"><\/path><\/svg><\/span>\n\t\t<\/span>\n\n\t\t\t\t\t\t<\/summary>\n\t\t\t\t<div role=\"region\" aria-labelledby=\"e-n-accordion-item-2080\" class=\"elementor-element elementor-element-d5677a9 e-con-full e-flex e-con e-child\" data-id=\"d5677a9\" data-element_type=\"container\">\n\t\t\t\t<div class=\"elementor-element elementor-element-c90ed5e elementor-widget elementor-widget-text-editor\" data-id=\"c90ed5e\" data-element_type=\"widget\" data-widget_type=\"text-editor.default\">\n\t\t\t\t\t\t\t\t\t<p>Kanu ist nicht wirklich politisch. Er h\u00e4ngt einfach nur mit den falschen Leuten ab. An irgendeinem Punkt in seinem Leben ist er falsch abgebogen. Statt nach links, zur Antifa, wie viele andere Jugendliche damals im Dorf, zog es Kanu rechts rum zu den Neonazis. Kameradschaft ist f\u00fcr ihn wie ein w\u00e4rmendes Kaminfeuer. Kanu ist auch kein dummer Mann. In einer anderen Umgebung mit aufrichtigen Freunden w\u00e4re er vermutlich ein verl\u00e4sslicher Partner und Verb\u00fcndeter. Bislang gab es schlicht keine echte Gelegenheit, sich als Gef\u00e4hrte zu beweisen und zu bew\u00e4hren. Doch das wird sich demn\u00e4chst auf eine Weise \u00e4ndern, die nicht einmal Kanu in seinen k\u00fchnsten Tr\u00e4umen erwartet h\u00e4tte.<\/p>\t\t\t\t\t\t\t\t<\/div>\n\t\t\t\t<\/div>\n\t\t\t\t\t<\/details>\n\t\t\t\t\t\t<details id=\"e-n-accordion-item-2081\" class=\"e-n-accordion-item\" >\n\t\t\t\t<summary class=\"e-n-accordion-item-title\" data-accordion-index=\"2\" tabindex=\"-1\" aria-expanded=\"false\" aria-controls=\"e-n-accordion-item-2081\" >\n\t\t\t\t\t<span class='e-n-accordion-item-title-header'><div class=\"e-n-accordion-item-title-text\"> Faschos und Feng Shui <\/div><\/span>\n\t\t\t\t\t\t\t<span class='e-n-accordion-item-title-icon'>\n\t\t\t<span class='e-opened' ><svg aria-hidden=\"true\" class=\"e-font-icon-svg e-fas-minus\" viewBox=\"0 0 448 512\" xmlns=\"http:\/\/www.w3.org\/2000\/svg\"><path d=\"M416 208H32c-17.67 0-32 14.33-32 32v32c0 17.67 14.33 32 32 32h384c17.67 0 32-14.33 32-32v-32c0-17.67-14.33-32-32-32z\"><\/path><\/svg><\/span>\n\t\t\t<span class='e-closed'><svg aria-hidden=\"true\" class=\"e-font-icon-svg e-fas-plus\" viewBox=\"0 0 448 512\" xmlns=\"http:\/\/www.w3.org\/2000\/svg\"><path d=\"M416 208H272V64c0-17.67-14.33-32-32-32h-32c-17.67 0-32 14.33-32 32v144H32c-17.67 0-32 14.33-32 32v32c0 17.67 14.33 32 32 32h144v144c0 17.67 14.33 32 32 32h32c17.67 0 32-14.33 32-32V304h144c17.67 0 32-14.33 32-32v-32c0-17.67-14.33-32-32-32z\"><\/path><\/svg><\/span>\n\t\t<\/span>\n\n\t\t\t\t\t\t<\/summary>\n\t\t\t\t<div role=\"region\" aria-labelledby=\"e-n-accordion-item-2081\" class=\"elementor-element elementor-element-17a3cb8 e-con-full e-flex e-con e-child\" data-id=\"17a3cb8\" data-element_type=\"container\">\n\t\t\t\t<div class=\"elementor-element elementor-element-4cca439 elementor-widget elementor-widget-text-editor\" data-id=\"4cca439\" data-element_type=\"widget\" data-widget_type=\"text-editor.default\">\n\t\t\t\t\t\t\t\t\t<p>\u00bbEs ist sehr traurig zu sehen, dass sich diese Deutschen nicht in eine moderne Gesellschaft integrieren wollen. Wie du merkst, Alaa, lehnen sie sich gegen jeden Versuch vern\u00fcnftiger Eingliederung auf. Dabei hat der Staat schon alles M\u00f6gliche mit ihnen versucht.\u00ab \u00bbDie haben keine Ahnung, wie es ist, wenn man um sein Leben f\u00fcrchtet und seine Heimat Hals \u00fcber Kopf verlassen muss\u00ab, sagt Alaa und wischt sich Tr\u00e4nen aus den Augen. \u00bbHeimat\u00ab, schnaubt Sonja, das sei ein spezieller Begriff in deren Kreisen. \u00bbHeimat besteht f\u00fcr die nur aus den drei gro\u00dfen B \u2013 Blut, Boden, Brauchtum.\u00ab \u00bbNa ja\u00ab, wendet Jonas der Sp\u00f6tter ein, \u00bbdu meinst wohl eher Ballermann, Bild und Bundesliga.\u00ab \u00bbSt\u00e4ndig halten sie ihr F\u00e4hnlein f\u00fcr die Heimat in den Wind. Aber dann fahren sie in koreanischen Kleinwagen zum Burger King, fressen Cheeseburger, schl\u00fcrfen Latte Macchiato\u00ab, sagt Sonja \u00fcber den deutschen Doppelpass. \u00bbDabei w\u00fcrde ein Flat White besser zu ihnen passen\u00ab, feixt Jonas. Alaa kommen immer mehr Zweifel. Er denkt dar\u00fcber nach, ob das wirklich das Deutschland ist, von dem er in Afghanistan als das gelobte Land getr\u00e4umt hat: Ist es das sch\u00f6ne Fleckchen Erde, wo die Menschen seit Jahrzehnten in Frieden und Wohlstand leben? Wo selbst rechte P\u00f6bler ihre Meinung ohne Angst vor Repression frei \u00e4u\u00dfern d\u00fcrfen? Wo es soziale Absicherung auch f\u00fcr Menschen gibt, die ihre Verfassung mit F\u00fc\u00dfen treten und sich gegen den Staat stellen? \u00bbMal ehrlich, Leute\u00ab, sagt T\u00f6nnies, \u00bbvielleicht muss man dem deutschen Wutb\u00fcrger mal am eigenen Leib zeigen, wie sich Flucht anf\u00fchlt.\u00ab<\/p>\t\t\t\t\t\t\t\t<\/div>\n\t\t\t\t<\/div>\n\t\t\t\t\t<\/details>\n\t\t\t\t\t\t<details id=\"e-n-accordion-item-2082\" class=\"e-n-accordion-item\" >\n\t\t\t\t<summary class=\"e-n-accordion-item-title\" data-accordion-index=\"3\" tabindex=\"-1\" aria-expanded=\"false\" aria-controls=\"e-n-accordion-item-2082\" >\n\t\t\t\t\t<span class='e-n-accordion-item-title-header'><div class=\"e-n-accordion-item-title-text\"> Ein Bulli zum Gl\u00fcck <\/div><\/span>\n\t\t\t\t\t\t\t<span class='e-n-accordion-item-title-icon'>\n\t\t\t<span class='e-opened' ><svg aria-hidden=\"true\" class=\"e-font-icon-svg e-fas-minus\" viewBox=\"0 0 448 512\" xmlns=\"http:\/\/www.w3.org\/2000\/svg\"><path d=\"M416 208H32c-17.67 0-32 14.33-32 32v32c0 17.67 14.33 32 32 32h384c17.67 0 32-14.33 32-32v-32c0-17.67-14.33-32-32-32z\"><\/path><\/svg><\/span>\n\t\t\t<span class='e-closed'><svg aria-hidden=\"true\" class=\"e-font-icon-svg e-fas-plus\" viewBox=\"0 0 448 512\" xmlns=\"http:\/\/www.w3.org\/2000\/svg\"><path d=\"M416 208H272V64c0-17.67-14.33-32-32-32h-32c-17.67 0-32 14.33-32 32v144H32c-17.67 0-32 14.33-32 32v32c0 17.67 14.33 32 32 32h144v144c0 17.67 14.33 32 32 32h32c17.67 0 32-14.33 32-32V304h144c17.67 0 32-14.33 32-32v-32c0-17.67-14.33-32-32-32z\"><\/path><\/svg><\/span>\n\t\t<\/span>\n\n\t\t\t\t\t\t<\/summary>\n\t\t\t\t<div role=\"region\" aria-labelledby=\"e-n-accordion-item-2082\" class=\"elementor-element elementor-element-d37fd6e e-con-full e-flex e-con e-child\" data-id=\"d37fd6e\" data-element_type=\"container\">\n\t\t\t\t<div class=\"elementor-element elementor-element-2ad93f8 elementor-widget elementor-widget-text-editor\" data-id=\"2ad93f8\" data-element_type=\"widget\" data-widget_type=\"text-editor.default\">\n\t\t\t\t\t\t\t\t\t<p>F\u00fcr den fluchterfahrenen Alaa bewahrheitet sich, was er schon ahnte: Fl\u00fcchtet man Hals \u00fcber Kopf, packt man rational. Hat man Wochen Zeit zur Vorbereitung, fehlt einem der Blick f\u00fcr das Wesentliche. Authentischer w\u00e4re gewesen, wenn sie im Affekt gefl\u00fcchtet und sich unterwegs notd\u00fcrftig organisiert h\u00e4tten. Aber das, denkt Alaa, liegt den Deutschen nicht. Alles muss seine Ordnung haben, auch auf der Flucht darf nichts dem Zufall \u00fcberlassen werden. Welch ein Wunder, dass sie sich die Fluchtroute nicht vom T\u00dcV haben zertifizieren lassen.<\/p>\t\t\t\t\t\t\t\t<\/div>\n\t\t\t\t<\/div>\n\t\t\t\t\t<\/details>\n\t\t\t\t\t\t<details id=\"e-n-accordion-item-2083\" class=\"e-n-accordion-item\" >\n\t\t\t\t<summary class=\"e-n-accordion-item-title\" data-accordion-index=\"4\" tabindex=\"-1\" aria-expanded=\"false\" aria-controls=\"e-n-accordion-item-2083\" >\n\t\t\t\t\t<span class='e-n-accordion-item-title-header'><div class=\"e-n-accordion-item-title-text\"> Sprachlos beim Hotzenplotz <\/div><\/span>\n\t\t\t\t\t\t\t<span class='e-n-accordion-item-title-icon'>\n\t\t\t<span class='e-opened' ><svg aria-hidden=\"true\" class=\"e-font-icon-svg e-fas-minus\" viewBox=\"0 0 448 512\" xmlns=\"http:\/\/www.w3.org\/2000\/svg\"><path d=\"M416 208H32c-17.67 0-32 14.33-32 32v32c0 17.67 14.33 32 32 32h384c17.67 0 32-14.33 32-32v-32c0-17.67-14.33-32-32-32z\"><\/path><\/svg><\/span>\n\t\t\t<span class='e-closed'><svg aria-hidden=\"true\" class=\"e-font-icon-svg e-fas-plus\" viewBox=\"0 0 448 512\" xmlns=\"http:\/\/www.w3.org\/2000\/svg\"><path d=\"M416 208H272V64c0-17.67-14.33-32-32-32h-32c-17.67 0-32 14.33-32 32v144H32c-17.67 0-32 14.33-32 32v32c0 17.67 14.33 32 32 32h144v144c0 17.67 14.33 32 32 32h32c17.67 0 32-14.33 32-32V304h144c17.67 0 32-14.33 32-32v-32c0-17.67-14.33-32-32-32z\"><\/path><\/svg><\/span>\n\t\t<\/span>\n\n\t\t\t\t\t\t<\/summary>\n\t\t\t\t<div role=\"region\" aria-labelledby=\"e-n-accordion-item-2083\" class=\"elementor-element elementor-element-b003077 e-con-full e-flex e-con e-child\" data-id=\"b003077\" data-element_type=\"container\">\n\t\t\t\t<div class=\"elementor-element elementor-element-19a9e3d elementor-widget elementor-widget-text-editor\" data-id=\"19a9e3d\" data-element_type=\"widget\" data-widget_type=\"text-editor.default\">\n\t\t\t\t\t\t\t\t\t<div>Die Fluchthelfer kennen inzwischen Kanu den Rechten, aber noch nicht Kanu den Reisenden. Entsprechend ern\u00fcchtert sind sie ob seines Verhaltens, kaum dass sie die Grenze nach Ungarn passiert haben. Aus dem deutschsprachigen Habitat gerissen, reagiert er schl\u00e4frig und schlaff, gibt sich desinteressiert an fremder Kultur, hat kein Auge f\u00fcr die Sch\u00f6nheit der Landschaft und entzieht sich Gespr\u00e4chen und gemeinsamen Erlebnissen. Als Kanu schnarcht, mutma\u00dft T\u00f6nnies, dass ihr Mitfl\u00fcchtender vielleicht Entzugserscheinungen hat, weil ihm die Heimat fehlt. Jonas glaubt, Kanu k\u00f6nne eine bisher unentdeckte Borderline-Anomalie haben, die erst mit der Grenz\u00fcberquerung zutage tritt. Sonja berichtet, sie habe k\u00fcrzlich in einer Fachzeitschrift f\u00fcr Psychologie \u00fcber eine Verhaltensst\u00f6rung gelesen, die bei Deutschen auftrete, wenn sie nach Mallorca reisten. Sie w\u00fcrden ausblenden, im Ausland zu sein. Besonders schlimme F\u00e4lle hielten die Mittelmeerinsel f\u00fcr ein deutsches Bundesland. Die St\u00f6rung dr\u00fccke sich auch dadurch aus, dass sie die fremde K\u00fcche schm\u00e4hten und wei\u00dfe Socken in Sandalen tragen w\u00fcrden, als w\u00e4ren sie in ihrer guten Stube. Gegen diese Diagnose spricht, das muss Sonja zugeben, dass Kanu sich nicht die Liegefl\u00e4che im Fu\u00dfraum mit einem Handtuch reserviert hat.<\/div>\t\t\t\t\t\t\t\t<\/div>\n\t\t\t\t<\/div>\n\t\t\t\t\t<\/details>\n\t\t\t\t\t<\/div>\n\t\t\t\t\t\t<\/div>\n\t\t\t\t<div class=\"elementor-element elementor-element-3f54782 elementor-widget-divider--view-line elementor-widget elementor-widget-divider\" data-id=\"3f54782\" data-element_type=\"widget\" data-widget_type=\"divider.default\">\n\t\t\t\t\t\t\t<div class=\"elementor-divider\">\n\t\t\t<span class=\"elementor-divider-separator\">\n\t\t\t\t\t\t<\/span>\n\t\t<\/div>\n\t\t\t\t\t\t<\/div>\n\t\t\t\t\t<\/div>\n\t\t\t\t<\/div>\n\t\t<div class=\"elementor-element elementor-element-d4f0212 e-grid e-con-boxed e-con e-parent\" data-id=\"d4f0212\" data-element_type=\"container\">\n\t\t\t\t\t<div class=\"e-con-inner\">\n\t\t\t\t<div class=\"elementor-element elementor-element-9424b72 elementor-widget elementor-widget-heading\" data-id=\"9424b72\" data-element_type=\"widget\" data-widget_type=\"heading.default\">\n\t\t\t\t\t<h2 class=\"elementor-heading-title elementor-size-default\">E-Book<\/h2>\t\t\t\t<\/div>\n\t\t\t\t<div class=\"elementor-element elementor-element-0197728 elementor-widget-divider--view-line elementor-widget elementor-widget-divider\" data-id=\"0197728\" data-element_type=\"widget\" data-widget_type=\"divider.default\">\n\t\t\t\t\t\t\t<div class=\"elementor-divider\">\n\t\t\t<span class=\"elementor-divider-separator\">\n\t\t\t\t\t\t<\/span>\n\t\t<\/div>\n\t\t\t\t\t\t<\/div>\n\t\t\t\t<div class=\"elementor-element elementor-element-86a00e2 elementor-widget elementor-widget-text-editor\" data-id=\"86a00e2\" data-element_type=\"widget\" data-widget_type=\"text-editor.default\">\n\t\t\t\t\t\t\t\t\t<p>Das E-Book \u00bbGoodbye Germania\u00ab (ISBN 978-3-69228-979-3) kostet 9,49 Euro und ist ab Januar 2026 bei allen bekannten E-Book-H\u00e4ndlern erh\u00e4ltlich.\u00a0Zus\u00e4tzlich kann der satirische Roman von Mauris Blandit direkt \u00fcber die Website von Prinz Publishing heruntergeladen werden. Die Abrechnung erfolgt durch Digistore24:<\/p>\t\t\t\t\t\t\t\t<\/div>\n\t\t\t\t<div class=\"elementor-element elementor-element-5da5053 elementor-align-center elementor-widget elementor-widget-button\" data-id=\"5da5053\" data-element_type=\"widget\" data-widget_type=\"button.default\">\n\t\t\t\t\t\t\t\t\t\t<a class=\"elementor-button elementor-button-link elementor-size-sm\" href=\"https:\/\/www.checkout-ds24.com\/product\/650167\" target=\"_blank\" id=\"readmore-btn\">\n\t\t\t\t\t\t<span class=\"elementor-button-content-wrapper\">\n\t\t\t\t\t\t\t\t\t<span class=\"elementor-button-text\">Digistore24<\/span>\n\t\t\t\t\t<\/span>\n\t\t\t\t\t<\/a>\n\t\t\t\t\t\t\t\t<\/div>\n\t\t\t\t\t<\/div>\n\t\t\t\t<\/div>\n\t\t<div class=\"elementor-element elementor-element-e7a8d83 e-grid e-con-boxed e-con e-parent\" data-id=\"e7a8d83\" data-element_type=\"container\">\n\t\t\t\t\t<div class=\"e-con-inner\">\n\t\t\t\t<div class=\"elementor-element elementor-element-83e7c46 elementor-hidden-mobile elementor-widget elementor-widget-spacer\" data-id=\"83e7c46\" data-element_type=\"widget\" data-widget_type=\"spacer.default\">\n\t\t\t\t\t\t\t<div class=\"elementor-spacer\">\n\t\t\t<div class=\"elementor-spacer-inner\"><\/div>\n\t\t<\/div>\n\t\t\t\t\t\t<\/div>\n\t\t\t\t<div class=\"elementor-element elementor-element-77de58c elementor-widget elementor-widget-heading\" data-id=\"77de58c\" data-element_type=\"widget\" data-widget_type=\"heading.default\">\n\t\t\t\t\t<h2 class=\"elementor-heading-title elementor-size-default\">Buchhandel<\/h2>\t\t\t\t<\/div>\n\t\t\t\t<div class=\"elementor-element elementor-element-cbc3bb0 elementor-widget-divider--view-line elementor-widget elementor-widget-divider\" data-id=\"cbc3bb0\" data-element_type=\"widget\" data-widget_type=\"divider.default\">\n\t\t\t\t\t\t\t<div class=\"elementor-divider\">\n\t\t\t<span class=\"elementor-divider-separator\">\n\t\t\t\t\t\t<\/span>\n\t\t<\/div>\n\t\t\t\t\t\t<\/div>\n\t\t\t\t<div class=\"elementor-element elementor-element-bb1c102 elementor-widget elementor-widget-text-editor\" data-id=\"bb1c102\" data-element_type=\"widget\" data-widget_type=\"text-editor.default\">\n\t\t\t\t\t\t\t\t\t<p>Das Hardcover (ISBN: 978-3-69028-620-6) erscheint Anfang 2026, es hat 336 Seiten und kostet 24 Euro. Prinz Publishing ist Mitglied im B\u00f6rsenverein des Deutschen Buchhandels. Mauris Blandits Deb\u00fctroman \u00bbGoodbye Germania\u00ab ist im Verzeichnis Lieferbarer B\u00fccher (VLB) gelistet. F\u00fcr Bestellung und Vertrieb wenden sich Buchh\u00e4ndler bitte an Nova MD GmbH, Vachendorf.<\/p>\t\t\t\t\t\t\t\t<\/div>\n\t\t\t\t<div class=\"elementor-element elementor-element-34d161a elementor-widget-divider--view-line elementor-widget elementor-widget-divider\" data-id=\"34d161a\" data-element_type=\"widget\" data-widget_type=\"divider.default\">\n\t\t\t\t\t\t\t<div class=\"elementor-divider\">\n\t\t\t<span class=\"elementor-divider-separator\">\n\t\t\t\t\t\t<\/span>\n\t\t<\/div>\n\t\t\t\t\t\t<\/div>\n\t\t\t\t\t<\/div>\n\t\t\t\t<\/div>\n\t\t<div class=\"elementor-element elementor-element-de9659e e-grid e-con-boxed e-con e-parent\" data-id=\"de9659e\" data-element_type=\"container\">\n\t\t\t\t\t<div class=\"e-con-inner\">\n\t\t\t\t<div class=\"elementor-element elementor-element-31c7d44 elementor-widget elementor-widget-heading\" data-id=\"31c7d44\" data-element_type=\"widget\" data-widget_type=\"heading.default\">\n\t\t\t\t\t<h2 class=\"elementor-heading-title elementor-size-default\">Verlag<\/h2>\t\t\t\t<\/div>\n\t\t\t\t<div class=\"elementor-element elementor-element-89b493f elementor-widget elementor-widget-text-editor\" data-id=\"89b493f\" data-element_type=\"widget\" data-widget_type=\"text-editor.default\">\n\t\t\t\t\t\t\t\t\t<p>Prinz Publishing ist ein Indepedent-Verlag\u00a0mit Haltung und Humor. Wir legen Wert auf starke Stimmen, ausf\u00fchrliche Recherchen, originelle Schreibe und gestalterische Kreativit\u00e4t. Ob Roman oder Sachbuch \u2013 nur was uns am Herzen liegt, findet den Weg in unser Verlagsprogramm. \u00a0<\/p>\t\t\t\t\t\t\t\t<\/div>\n\t\t\t\t\t<\/div>\n\t\t\t\t<\/div>\n\t\t<div class=\"elementor-element elementor-element-eb720d3 e-flex e-con-boxed e-con e-parent\" data-id=\"eb720d3\" data-element_type=\"container\" data-settings=\"{&quot;background_background&quot;:&quot;classic&quot;}\">\n\t\t\t\t\t<div class=\"e-con-inner\">\n\t\t\t\t<div class=\"elementor-element elementor-element-445025a elementor-widget elementor-widget-text-editor\" data-id=\"445025a\" data-element_type=\"widget\" data-widget_type=\"text-editor.default\">\n\t\t\t\t\t\t\t\t\t<p>Copyright \u00a9 2025 by Prinz Publishing GmbH Hamburg<\/p>\t\t\t\t\t\t\t\t<\/div>\n\t\t\t\t<div class=\"elementor-element elementor-element-4e4a250 elementor-widget elementor-widget-text-editor\" data-id=\"4e4a250\" data-element_type=\"widget\" data-widget_type=\"text-editor.default\">\n\t\t\t\t\t\t\t\t\t<p><a class=\"menu-link\" style=\"color: #fff !important;\" href=\"https:\/\/prinzpublishing.de\/?page_id=224\">Datenschutz<\/a> | <a class=\"menu-link\" style=\"color: #fff !important;\" href=\"https:\/\/prinzpublishing.de\/?page_id=223\">Impressum<\/a><\/p>\t\t\t\t\t\t\t\t<\/div>\n\t\t\t\t\t<\/div>\n\t\t\t\t<\/div>\n\t\t\t\t<\/div>\n\t\t","protected":false},"excerpt":{"rendered":"<p>Ein Neonazi auf Abwegen \u00bbGoodbye Germania\u00ab ist eine Realsatire. Sie erz\u00e4hlt von Neonazi Kanu, der mit vier Sozialarbeitern und dem Afghanen Alaa aus Deutschland fl\u00fcchtet. Im Sommer 2015 haben Hunderttausende in Afghanistan und Syrien ihre Heimat verlassen, um vor B\u00fcrgerkrieg und Terrorismus nach Europa zu fl\u00fcchten. Vor allem in Deutschland hoffen sie auf ein besseres [&hellip;]<\/p>\n","protected":false},"author":1,"featured_media":0,"parent":0,"menu_order":0,"comment_status":"closed","ping_status":"closed","template":"","meta":{"footnotes":""},"class_list":["post-6","page","type-page","status-publish","hentry"],"yoast_head":"<!-- This site is optimized with the Yoast SEO plugin v26.4 - https:\/\/yoast.com\/wordpress\/plugins\/seo\/ -->\n<title>Startseite - Mauris Blandit<\/title>\n<meta name=\"robots\" content=\"index, follow, max-snippet:-1, max-image-preview:large, max-video-preview:-1\" \/>\n<link rel=\"canonical\" href=\"https:\/\/prinzpublishing.de\/\" \/>\n<meta property=\"og:locale\" content=\"de_DE\" \/>\n<meta property=\"og:type\" content=\"article\" \/>\n<meta property=\"og:title\" content=\"Startseite - Mauris Blandit\" \/>\n<meta property=\"og:description\" content=\"Ein Neonazi auf Abwegen \u00bbGoodbye Germania\u00ab ist eine Realsatire. Sie erz\u00e4hlt von Neonazi Kanu, der mit vier Sozialarbeitern und dem Afghanen Alaa aus Deutschland fl\u00fcchtet. Im Sommer 2015 haben Hunderttausende in Afghanistan und Syrien ihre Heimat verlassen, um vor B\u00fcrgerkrieg und Terrorismus nach Europa zu fl\u00fcchten. Vor allem in Deutschland hoffen sie auf ein besseres [&hellip;]\" \/>\n<meta property=\"og:url\" content=\"https:\/\/prinzpublishing.de\/\" \/>\n<meta property=\"og:site_name\" content=\"Mauris Blandit\" \/>\n<meta property=\"article:modified_time\" content=\"2025-12-03T09:47:31+00:00\" \/>\n<meta property=\"og:image\" content=\"https:\/\/prinzpublishing.de\/wp-content\/uploads\/2025\/11\/IMG_3733-724x1024.png\" \/>\n\t<meta property=\"og:image:width\" content=\"724\" \/>\n\t<meta property=\"og:image:height\" content=\"1024\" \/>\n\t<meta property=\"og:image:type\" content=\"image\/png\" \/>\n<meta name=\"twitter:card\" content=\"summary_large_image\" \/>\n<meta name=\"twitter:label1\" content=\"Gesch\u00e4tzte Lesezeit\" \/>\n\t<meta name=\"twitter:data1\" content=\"11\u00a0Minuten\" \/>\n<script type=\"application\/ld+json\" class=\"yoast-schema-graph\">{\"@context\":\"https:\/\/schema.org\",\"@graph\":[{\"@type\":\"WebPage\",\"@id\":\"https:\/\/prinzpublishing.de\/\",\"url\":\"https:\/\/prinzpublishing.de\/\",\"name\":\"Startseite - Mauris Blandit\",\"isPartOf\":{\"@id\":\"https:\/\/prinzpublishing.de\/#website\"},\"primaryImageOfPage\":{\"@id\":\"https:\/\/prinzpublishing.de\/#primaryimage\"},\"image\":{\"@id\":\"https:\/\/prinzpublishing.de\/#primaryimage\"},\"thumbnailUrl\":\"https:\/\/prinzpublishing.de\/wp-content\/uploads\/2025\/11\/IMG_3733-724x1024.png\",\"datePublished\":\"2025-10-16T20:19:03+00:00\",\"dateModified\":\"2025-12-03T09:47:31+00:00\",\"breadcrumb\":{\"@id\":\"https:\/\/prinzpublishing.de\/#breadcrumb\"},\"inLanguage\":\"de\",\"potentialAction\":[{\"@type\":\"ReadAction\",\"target\":[\"https:\/\/prinzpublishing.de\/\"]}]},{\"@type\":\"ImageObject\",\"inLanguage\":\"de\",\"@id\":\"https:\/\/prinzpublishing.de\/#primaryimage\",\"url\":\"https:\/\/prinzpublishing.de\/wp-content\/uploads\/2025\/11\/IMG_3733.png\",\"contentUrl\":\"https:\/\/prinzpublishing.de\/wp-content\/uploads\/2025\/11\/IMG_3733.png\",\"width\":1376,\"height\":1947,\"caption\":\"Goodbye Germania Ein Neonazi fl\u00fcchtet nach Afghanistan Autor Mauris Bandit\"},{\"@type\":\"BreadcrumbList\",\"@id\":\"https:\/\/prinzpublishing.de\/#breadcrumb\",\"itemListElement\":[{\"@type\":\"ListItem\",\"position\":1,\"name\":\"Startseite\",\"item\":\"https:\/\/prinzpublishing.de\/\"},{\"@type\":\"ListItem\",\"position\":2,\"name\":\"Startseite\"}]},{\"@type\":\"WebSite\",\"@id\":\"https:\/\/prinzpublishing.de\/#website\",\"url\":\"https:\/\/prinzpublishing.de\/\",\"name\":\"Mauris Blandit\",\"description\":\"\",\"publisher\":{\"@id\":\"https:\/\/prinzpublishing.de\/#organization\"},\"potentialAction\":[{\"@type\":\"SearchAction\",\"target\":{\"@type\":\"EntryPoint\",\"urlTemplate\":\"https:\/\/prinzpublishing.de\/?s={search_term_string}\"},\"query-input\":{\"@type\":\"PropertyValueSpecification\",\"valueRequired\":true,\"valueName\":\"search_term_string\"}}],\"inLanguage\":\"de\"},{\"@type\":\"Organization\",\"@id\":\"https:\/\/prinzpublishing.de\/#organization\",\"name\":\"Mauris Blandit\",\"url\":\"https:\/\/prinzpublishing.de\/\",\"logo\":{\"@type\":\"ImageObject\",\"inLanguage\":\"de\",\"@id\":\"https:\/\/prinzpublishing.de\/#\/schema\/logo\/image\/\",\"url\":\"https:\/\/prinzpublishing.de\/wp-content\/uploads\/2025\/10\/PP-Logo_E-Book_weiss.png\",\"contentUrl\":\"https:\/\/prinzpublishing.de\/wp-content\/uploads\/2025\/10\/PP-Logo_E-Book_weiss.png\",\"width\":1280,\"height\":891,\"caption\":\"Mauris Blandit\"},\"image\":{\"@id\":\"https:\/\/prinzpublishing.de\/#\/schema\/logo\/image\/\"}}]}<\/script>\n<!-- \/ Yoast SEO plugin. -->","yoast_head_json":{"title":"Startseite - Mauris Blandit","robots":{"index":"index","follow":"follow","max-snippet":"max-snippet:-1","max-image-preview":"max-image-preview:large","max-video-preview":"max-video-preview:-1"},"canonical":"https:\/\/prinzpublishing.de\/","og_locale":"de_DE","og_type":"article","og_title":"Startseite - Mauris Blandit","og_description":"Ein Neonazi auf Abwegen \u00bbGoodbye Germania\u00ab ist eine Realsatire. Sie erz\u00e4hlt von Neonazi Kanu, der mit vier Sozialarbeitern und dem Afghanen Alaa aus Deutschland fl\u00fcchtet. Im Sommer 2015 haben Hunderttausende in Afghanistan und Syrien ihre Heimat verlassen, um vor B\u00fcrgerkrieg und Terrorismus nach Europa zu fl\u00fcchten. Vor allem in Deutschland hoffen sie auf ein besseres [&hellip;]","og_url":"https:\/\/prinzpublishing.de\/","og_site_name":"Mauris Blandit","article_modified_time":"2025-12-03T09:47:31+00:00","og_image":[{"width":724,"height":1024,"url":"https:\/\/prinzpublishing.de\/wp-content\/uploads\/2025\/11\/IMG_3733-724x1024.png","type":"image\/png"}],"twitter_card":"summary_large_image","twitter_misc":{"Gesch\u00e4tzte Lesezeit":"11\u00a0Minuten"},"schema":{"@context":"https:\/\/schema.org","@graph":[{"@type":"WebPage","@id":"https:\/\/prinzpublishing.de\/","url":"https:\/\/prinzpublishing.de\/","name":"Startseite - Mauris Blandit","isPartOf":{"@id":"https:\/\/prinzpublishing.de\/#website"},"primaryImageOfPage":{"@id":"https:\/\/prinzpublishing.de\/#primaryimage"},"image":{"@id":"https:\/\/prinzpublishing.de\/#primaryimage"},"thumbnailUrl":"https:\/\/prinzpublishing.de\/wp-content\/uploads\/2025\/11\/IMG_3733-724x1024.png","datePublished":"2025-10-16T20:19:03+00:00","dateModified":"2025-12-03T09:47:31+00:00","breadcrumb":{"@id":"https:\/\/prinzpublishing.de\/#breadcrumb"},"inLanguage":"de","potentialAction":[{"@type":"ReadAction","target":["https:\/\/prinzpublishing.de\/"]}]},{"@type":"ImageObject","inLanguage":"de","@id":"https:\/\/prinzpublishing.de\/#primaryimage","url":"https:\/\/prinzpublishing.de\/wp-content\/uploads\/2025\/11\/IMG_3733.png","contentUrl":"https:\/\/prinzpublishing.de\/wp-content\/uploads\/2025\/11\/IMG_3733.png","width":1376,"height":1947,"caption":"Goodbye Germania Ein Neonazi fl\u00fcchtet nach Afghanistan Autor Mauris Bandit"},{"@type":"BreadcrumbList","@id":"https:\/\/prinzpublishing.de\/#breadcrumb","itemListElement":[{"@type":"ListItem","position":1,"name":"Startseite","item":"https:\/\/prinzpublishing.de\/"},{"@type":"ListItem","position":2,"name":"Startseite"}]},{"@type":"WebSite","@id":"https:\/\/prinzpublishing.de\/#website","url":"https:\/\/prinzpublishing.de\/","name":"Mauris Blandit","description":"","publisher":{"@id":"https:\/\/prinzpublishing.de\/#organization"},"potentialAction":[{"@type":"SearchAction","target":{"@type":"EntryPoint","urlTemplate":"https:\/\/prinzpublishing.de\/?s={search_term_string}"},"query-input":{"@type":"PropertyValueSpecification","valueRequired":true,"valueName":"search_term_string"}}],"inLanguage":"de"},{"@type":"Organization","@id":"https:\/\/prinzpublishing.de\/#organization","name":"Mauris Blandit","url":"https:\/\/prinzpublishing.de\/","logo":{"@type":"ImageObject","inLanguage":"de","@id":"https:\/\/prinzpublishing.de\/#\/schema\/logo\/image\/","url":"https:\/\/prinzpublishing.de\/wp-content\/uploads\/2025\/10\/PP-Logo_E-Book_weiss.png","contentUrl":"https:\/\/prinzpublishing.de\/wp-content\/uploads\/2025\/10\/PP-Logo_E-Book_weiss.png","width":1280,"height":891,"caption":"Mauris Blandit"},"image":{"@id":"https:\/\/prinzpublishing.de\/#\/schema\/logo\/image\/"}}]}},"_links":{"self":[{"href":"https:\/\/prinzpublishing.de\/index.php?rest_route=\/wp\/v2\/pages\/6","targetHints":{"allow":["GET"]}}],"collection":[{"href":"https:\/\/prinzpublishing.de\/index.php?rest_route=\/wp\/v2\/pages"}],"about":[{"href":"https:\/\/prinzpublishing.de\/index.php?rest_route=\/wp\/v2\/types\/page"}],"author":[{"embeddable":true,"href":"https:\/\/prinzpublishing.de\/index.php?rest_route=\/wp\/v2\/users\/1"}],"replies":[{"embeddable":true,"href":"https:\/\/prinzpublishing.de\/index.php?rest_route=%2Fwp%2Fv2%2Fcomments&post=6"}],"version-history":[{"count":333,"href":"https:\/\/prinzpublishing.de\/index.php?rest_route=\/wp\/v2\/pages\/6\/revisions"}],"predecessor-version":[{"id":449,"href":"https:\/\/prinzpublishing.de\/index.php?rest_route=\/wp\/v2\/pages\/6\/revisions\/449"}],"wp:attachment":[{"href":"https:\/\/prinzpublishing.de\/index.php?rest_route=%2Fwp%2Fv2%2Fmedia&parent=6"}],"curies":[{"name":"wp","href":"https:\/\/api.w.org\/{rel}","templated":true}]}}